{"id":11253,"date":"2023-04-25T08:51:56","date_gmt":"2023-04-25T06:51:56","guid":{"rendered":"https:\/\/www.carseatsandparts.com\/?post_type=product&#038;p=11253"},"modified":"2025-03-12T10:20:53","modified_gmt":"2025-03-12T09:20:53","slug":"interieur-vw-golf-7-gti-tcr-leder-zwart-rood-stiksel-2","status":"publish","type":"product","link":"https:\/\/www.carseatsandparts.com\/de\/produkt\/interieur-vw-golf-7-gti-tcr-leder-zwart-rood-stiksel-2\/","title":{"rendered":"Innenausstattung VW Golf 7 GTI TCR Leder Schwarz\/Rot gen\u00e4ht"},"content":{"rendered":"","protected":false},"excerpt":{"rendered":"Interior Volkswagen 7 GTI TCR in einer Kombination aus schwarzem Leder mit roten N\u00e4hten fertig. Plug and Play, um in einem Golf 7 zu installieren. Der Innenraum stammt aus einem Vorf\u00fchrwagen und ist so gut wie neu, kann aber einige kleinere Sch\u00e4den aus der Demontage haben, die alle in den Bildern zu sehen sind. Die Sitze haben eine Heizung, eine manuelle R\u00fcckenlehne, manuelle H\u00f6hen- und Neigungsverstellung, Heizung und manuelle Lendenwirbelst\u00fctze. BITTE BEACHTEN: Airbags sind nicht mit diesem Interieur enthalten","protected":false},"featured_media":11863,"comment_status":"open","ping_status":"closed","template":"","meta":{"_acf_changed":false},"product_brand":[],"product_cat":[113,115,1355],"product_tag":[1112,976,972,977,978,973],"class_list":{"0":"post-11253","1":"product","2":"type-product","3":"status-publish","4":"has-post-thumbnail","6":"product_cat-complete-auto-interieurs","7":"product_cat-demo-interieurs","8":"product_cat-volkswagen","9":"product_tag-1112","10":"product_tag-golf-7","11":"product_tag-interieur","12":"product_tag-mk7","13":"product_tag-tcr","14":"product_tag-volkswagen","15":"product_shipping_class-auto-interieurs","17":"first","18":"outofstock","19":"taxable","20":"shipping-taxable","21":"purchasable","22":"product-type-simple"},"composite_virtual":false,"composite_layout":"","composite_add_to_cart_form_location":"","composite_editable_in_cart":false,"composite_sold_individually_context":"","composite_shop_price_calc":"","composite_components":[],"composite_scenarios":[],"exclude_global_add_ons":[],"addons":[],"acf":[],"yoast_head":null,"yoast_head_json":null,"_links":{"self":[{"href":"https:\/\/www.carseatsandparts.com\/de\/wp-json\/wp\/v2\/product\/11253","targetHints":{"allow":["GET"]}}],"collection":[{"href":"https:\/\/www.carseatsandparts.com\/de\/wp-json\/wp\/v2\/product"}],"about":[{"href":"https:\/\/www.carseatsandparts.com\/de\/wp-json\/wp\/v2\/types\/product"}],"replies":[{"embeddable":true,"href":"https:\/\/www.carseatsandparts.com\/de\/wp-json\/wp\/v2\/comments?post=11253"}],"wp:featuredmedia":[{"embeddable":true,"href":"https:\/\/www.carseatsandparts.com\/de\/wp-json\/wp\/v2\/media\/11863"}],"wp:attachment":[{"href":"https:\/\/www.carseatsandparts.com\/de\/wp-json\/wp\/v2\/media?parent=11253"}],"wp:term":[{"taxonomy":"product_brand","embeddable":true,"href":"https:\/\/www.carseatsandparts.com\/de\/wp-json\/wp\/v2\/product_brand?post=11253"},{"taxonomy":"product_cat","embeddable":true,"href":"https:\/\/www.carseatsandparts.com\/de\/wp-json\/wp\/v2\/product_cat?post=11253"},{"taxonomy":"product_tag","embeddable":true,"href":"https:\/\/www.carseatsandparts.com\/de\/wp-json\/wp\/v2\/product_tag?post=11253"}],"curies":[{"name":"wp","href":"https:\/\/api.w.org\/{rel}","templated":true}]}}