{"id":10288,"date":"2022-12-15T12:58:09","date_gmt":"2022-12-15T11:58:09","guid":{"rendered":"https:\/\/www.carseatsandparts.com\/?post_type=product&#038;p=10288"},"modified":"2025-08-29T04:56:47","modified_gmt":"2025-08-29T02:56:47","slug":"interieur-vw-golf-7-gte-stof-zwart-grijs-blauw","status":"publish","type":"product","link":"https:\/\/www.carseatsandparts.com\/fr\/produit\/interieur-vw-golf-7-gte-stof-zwart-grijs-blauw\/","title":{"rendered":"Int\u00e9rieur VW Golf 7 GTE Tissu noir\/gris\/bleu"},"content":{"rendered":"<p>Int\u00e9rieur Volkswagen Golf 7 GTE en tissu noir\/gris\/bleu avec motifs \u00e0 carreaux et surpiq\u00fbres bleues. Installation plug and play dans une Golf 7. L'int\u00e9rieur provient d'une voiture de d\u00e9monstration et est comme neuf. Caract\u00e9ristiques : chauffage, r\u00e9glage manuel de la hauteur et de l'inclinaison, soutien lombaire manuel et r\u00e9glage manuel du dossier. Les airbags et les ceintures de s\u00e9curit\u00e9 sont encore en \u00e9tat d'origine avec cet int\u00e9rieur.<\/p>","protected":false},"excerpt":{"rendered":"Int\u00e9rieur Volkswagen Golf 7 GTE en tissu noir\/gris\/bleu avec motifs \u00e0 carreaux et surpiq\u00fbres bleues. Installation plug and play dans une Golf 7. L'int\u00e9rieur provient d'une voiture de d\u00e9monstration et est comme neuf. Caract\u00e9ristiques : chauffage, r\u00e9glage manuel de la hauteur et de l'inclinaison, soutien lombaire manuel et r\u00e9glage manuel du dossier. Les airbags et les ceintures de s\u00e9curit\u00e9 sont encore en \u00e9tat d'origine avec cet int\u00e9rieur.","protected":false},"featured_media":10931,"comment_status":"open","ping_status":"closed","template":"","meta":{"_acf_changed":false},"product_brand":[],"product_cat":[115,1355],"product_tag":[924,976,988,972,977,973],"class_list":{"0":"post-10288","1":"product","2":"type-product","3":"status-publish","4":"has-post-thumbnail","6":"product_cat-demo-interieurs","7":"product_cat-volkswagen","8":"product_tag-924","9":"product_tag-golf-7","10":"product_tag-gte","11":"product_tag-interieur","12":"product_tag-mk7","13":"product_tag-volkswagen","14":"product_shipping_class-auto-interieurs","16":"first","17":"outofstock","18":"taxable","19":"shipping-taxable","20":"purchasable","21":"product-type-simple"},"composite_virtual":false,"composite_layout":"","composite_add_to_cart_form_location":"","composite_editable_in_cart":false,"composite_sold_individually_context":"","composite_shop_price_calc":"","composite_components":[],"composite_scenarios":[],"exclude_global_add_ons":[],"addons":[],"acf":[],"yoast_head":null,"yoast_head_json":null,"_links":{"self":[{"href":"https:\/\/www.carseatsandparts.com\/fr\/wp-json\/wp\/v2\/product\/10288","targetHints":{"allow":["GET"]}}],"collection":[{"href":"https:\/\/www.carseatsandparts.com\/fr\/wp-json\/wp\/v2\/product"}],"about":[{"href":"https:\/\/www.carseatsandparts.com\/fr\/wp-json\/wp\/v2\/types\/product"}],"replies":[{"embeddable":true,"href":"https:\/\/www.carseatsandparts.com\/fr\/wp-json\/wp\/v2\/comments?post=10288"}],"wp:featuredmedia":[{"embeddable":true,"href":"https:\/\/www.carseatsandparts.com\/fr\/wp-json\/wp\/v2\/media\/10931"}],"wp:attachment":[{"href":"https:\/\/www.carseatsandparts.com\/fr\/wp-json\/wp\/v2\/media?parent=10288"}],"wp:term":[{"taxonomy":"product_brand","embeddable":true,"href":"https:\/\/www.carseatsandparts.com\/fr\/wp-json\/wp\/v2\/product_brand?post=10288"},{"taxonomy":"product_cat","embeddable":true,"href":"https:\/\/www.carseatsandparts.com\/fr\/wp-json\/wp\/v2\/product_cat?post=10288"},{"taxonomy":"product_tag","embeddable":true,"href":"https:\/\/www.carseatsandparts.com\/fr\/wp-json\/wp\/v2\/product_tag?post=10288"}],"curies":[{"name":"wp","href":"https:\/\/api.w.org\/{rel}","templated":true}]}}