{"id":17502,"date":"2025-08-21T10:20:03","date_gmt":"2025-08-21T08:20:03","guid":{"rendered":"https:\/\/www.carseatsandparts.com\/?post_type=product&#038;p=17502"},"modified":"2026-01-01T23:00:11","modified_gmt":"2026-01-01T22:00:11","slug":"interieur-vw-golf-7-gtd-stof-zwart-grijs","status":"publish","type":"product","link":"https:\/\/www.carseatsandparts.com\/fr\/produit\/interieur-vw-golf-7-gtd-stof-zwart-grijs\/","title":{"rendered":"Int\u00e9rieur VW Golf 7 GTD Noir\/Poussi\u00e8re\/Gris"},"content":{"rendered":"","protected":false},"excerpt":{"rendered":"Int\u00e9rieur Volkswagen Golf 7 GTD en tissu noir\/gris avec surpiq\u00fbres blanches. L'int\u00e9rieur est pr\u00eat \u00e0 \u00eatre install\u00e9 dans une Golf 7. L'int\u00e9rieur provient d'une voiture de d\u00e9monstration et est donc comme neuf \u00e0 l'exception de quelques l\u00e9gers dommages li\u00e9s \u00e0 l'utilisation et au d\u00e9montage qui peuvent \u00eatre vus sur les photos.\r\n\r\nCaract\u00e9ristiques : chauffage du si\u00e8ge, r\u00e9glage manuel de la hauteur et de l'inclinaison, soutien lombaire manuel et r\u00e9glage manuel du dossier. Les airbags et les ceintures de s\u00e9curit\u00e9 sont encore en \u00e9tat d'origine avec cet int\u00e9rieur.","protected":false},"featured_media":17516,"comment_status":"open","ping_status":"closed","template":"","meta":{"_acf_changed":false},"product_brand":[1294],"product_cat":[115,1355],"product_tag":[976,2844,972,977,973],"class_list":{"0":"post-17502","1":"product","2":"type-product","3":"status-publish","4":"has-post-thumbnail","6":"product_brand-volkswagen","7":"product_cat-demo-interieurs","8":"product_cat-volkswagen","9":"product_tag-golf-7","10":"product_tag-gtd","11":"product_tag-interieur","12":"product_tag-mk7","13":"product_tag-volkswagen","14":"product_shipping_class-auto-interieurs","16":"first","17":"instock","18":"taxable","19":"shipping-taxable","20":"purchasable","21":"product-type-simple"},"composite_virtual":false,"composite_layout":"","composite_add_to_cart_form_location":"","composite_editable_in_cart":false,"composite_sold_individually_context":"","composite_shop_price_calc":"","composite_components":[],"composite_scenarios":[],"exclude_global_add_ons":[],"addons":[],"acf":[],"yoast_head":null,"yoast_head_json":null,"_links":{"self":[{"href":"https:\/\/www.carseatsandparts.com\/fr\/wp-json\/wp\/v2\/product\/17502","targetHints":{"allow":["GET"]}}],"collection":[{"href":"https:\/\/www.carseatsandparts.com\/fr\/wp-json\/wp\/v2\/product"}],"about":[{"href":"https:\/\/www.carseatsandparts.com\/fr\/wp-json\/wp\/v2\/types\/product"}],"replies":[{"embeddable":true,"href":"https:\/\/www.carseatsandparts.com\/fr\/wp-json\/wp\/v2\/comments?post=17502"}],"wp:featuredmedia":[{"embeddable":true,"href":"https:\/\/www.carseatsandparts.com\/fr\/wp-json\/wp\/v2\/media\/17516"}],"wp:attachment":[{"href":"https:\/\/www.carseatsandparts.com\/fr\/wp-json\/wp\/v2\/media?parent=17502"}],"wp:term":[{"taxonomy":"product_brand","embeddable":true,"href":"https:\/\/www.carseatsandparts.com\/fr\/wp-json\/wp\/v2\/product_brand?post=17502"},{"taxonomy":"product_cat","embeddable":true,"href":"https:\/\/www.carseatsandparts.com\/fr\/wp-json\/wp\/v2\/product_cat?post=17502"},{"taxonomy":"product_tag","embeddable":true,"href":"https:\/\/www.carseatsandparts.com\/fr\/wp-json\/wp\/v2\/product_tag?post=17502"}],"curies":[{"name":"wp","href":"https:\/\/api.w.org\/{rel}","templated":true}]}}